{"id":9,"date":"2020-05-01T15:30:02","date_gmt":"2020-05-01T15:30:02","guid":{"rendered":"http:\/\/psychotherapie-janisch.de\/?page_id=9"},"modified":"2026-04-24T13:56:21","modified_gmt":"2026-04-24T13:56:21","slug":"martina-janisch","status":"publish","type":"page","link":"https:\/\/www.psychotherapie-janisch.de\/?page_id=9","title":{"rendered":"Martina Janisch"},"content":{"rendered":"\r\n<h2 class=\"wp-block-heading\">Psychologische Psychotherapeutin, Dipl. Psychologin<br \/>Verhaltenstherapie<\/h2>\r\n\r\n\r\n\r\n<p>Praxisinhaberin<\/p>\r\n\r\n\r\n\r\n<h2 class=\"wp-block-heading\">Zusatzqualifikationen<\/h2>\r\n\r\n\r\n\r\n<p>Entspannungsverfahren (PMR nach Jacobsen, Autogenes Training)<br \/>Hypnose<br \/>Gruppentherapie<\/p>\r\n<h2>Fortbildungen<\/h2>\r\n<p>EMDR Basisqualifikation<br \/>In Fortbildung: Spezielle Psychotraumatherapie nach DeGPT<\/p>\r\n\r\n\r\n\r\n\r\n\r\n<h2 class=\"wp-block-heading\">Behandlungsphilosophie<\/h2>\r\n\r\n\r\n\r\n<p>Ich sehe mich in unserer gemeinsamen Arbeit als eine Art Ger\u00fcstbauer: Wir entwickeln gemeinsam ein Erkl\u00e4rungsmodell f\u00fcr die bestehende Problematik, ich helfe Ihnen passende L\u00f6sungswege zu finden und unterst\u00fctze Sie dabei diese eigenst\u00e4ndig umzusetzen.<\/p>\r\n\r\n\r\n\r\n<p>Mir ist es wichtig, Probleme aus verschiedenen Perspektiven zu betrachten und zu begreifen. Dabei greife ich auf Ergebnisse der neueren psychotherapeutischen Forschung zur\u00fcck und nutze schematherapeutische, hypnotherapeutische, achtsamkeitsorientierte sowie k\u00f6rpertherapeutische Techniken.<\/p>\r\n\r\n\r\n\r\n<h2 class=\"wp-block-heading\">Werdegang<\/h2>\r\n\r\n\r\n\r\n<ul class=\"wp-block-list\">\r\n<li>niedergelassen in eigener Praxis (seit 2019)\u00a0<\/li>\r\n<li><span style=\"display: inline !important; float: none; background-color: #ffffff; color: #333333; cursor: text; font-family: 'Libre Franklin','Helvetica Neue',helvetica,arial,sans-serif; font-size: 16px; font-style: normal; font-variant: normal; font-weight: 400; letter-spacing: normal; orphans: 2; text-align: left; text-decoration: none; text-indent: 0px; text-transform: none; -webkit-text-stroke-width: 0px; white-space: normal; word-spacing: 0px;\">Psychotherapeutische T\u00e4tigkeit Praxis Senta Fricke<\/span>, <span style=\"display: inline !important; float: none; background-color: #ffffff; color: #333333; cursor: text; font-family: 'Libre Franklin','Helvetica Neue',helvetica,arial,sans-serif; font-size: 16px; font-style: normal; font-variant: normal; font-weight: 400; letter-spacing: normal; orphans: 2; text-align: left; text-decoration: none; text-indent: 0px; text-transform: none; -webkit-text-stroke-width: 0px; white-space: normal; word-spacing: 0px;\">Ebersbach\/Fils (2016-2019)<\/span><\/li>\r\n<li>Psychotherapeutische T\u00e4tigkeit Praxis Jochen Sch\u00f6ne, Backnang (2015-2017)<\/li>\r\n<li>Lehrt\u00e4tigkeiten an der Hochschule Fresenius K\u00f6ln und der DHBW Stuttgart<\/li>\r\n<li>Approbation zur Psychologischen Psychotherapeutin (Bezirksregierung K\u00f6ln) mit der Fachkunde in Verhaltenstherapie bei Erwachsenen und in Gruppen (2015)<\/li>\r\n<li><span style=\"display: inline !important; float: none; background-color: #ffffff; color: #333333; cursor: text; font-family: 'Libre Franklin','Helvetica Neue',helvetica,arial,sans-serif; font-size: 16px; font-style: normal; font-variant: normal; font-weight: 400; letter-spacing: normal; orphans: 2; text-align: left; text-decoration: none; text-indent: 0px; text-transform: none; -webkit-text-stroke-width: 0px; white-space: normal; word-spacing: 0px;\">Psychotherapeutische T\u00e4tigkeit in der Praxis Rienas und der Institutsambulanz Barbarossaplatz, K\u00f6ln (2013-2015)<\/span><\/li>\r\n<li>Psychotherapeutische T\u00e4tigkeit in Klinik K\u00f6nigshof in Krefeld und Kliniken Essen-Mitte (2012-2013)<\/li>\r\n<li>Weiterbildung zur <span style=\"display: inline !important; float: none; background-color: #ffffff; color: #333333; font-family: 'Libre Franklin','Helvetica Neue',helvetica,arial,sans-serif; font-size: 16px; font-style: normal; font-variant: normal; font-weight: 400; letter-spacing: normal; orphans: 2; text-align: left; text-decoration: none; text-indent: 0px; text-transform: none; -webkit-text-stroke-width: 0px; white-space: normal; word-spacing: 0px;\">Psychologischen Psychotherapeutin (Verhaltenstherapie) an der Akademie f\u00fcr Verhaltenstherapie AVT K\u00f6ln GmbH (2012-2015)<\/span><\/li>\r\n<li>Studium der Psychologie an der Eberhard Karls Universit\u00e4t T\u00fcbingen sowie der University of KwaZulu-Natal, Durban, S\u00fcdafrika (2005-2011)<\/li>\r\n<\/ul>","protected":false},"excerpt":{"rendered":"<p>Psychologische Psychotherapeutin, Dipl. PsychologinVerhaltenstherapie Praxisinhaberin Zusatzqualifikationen Entspannungsverfahren (PMR nach Jacobsen, Autogenes Training)HypnoseGruppentherapie Fortbildungen EMDR BasisqualifikationIn Fortbildung: Spezielle Psychotraumatherapie nach DeGPT Behandlungsphilosophie Ich sehe mich in unserer gemeinsamen Arbeit als eine Art Ger\u00fcstbauer: Wir entwickeln gemeinsam ein Erkl\u00e4rungsmodell f\u00fcr die bestehende Problematik, ich helfe Ihnen passende L\u00f6sungswege zu finden und unterst\u00fctze Sie dabei diese eigenst\u00e4ndig umzusetzen. &hellip; <\/p>\n<p class=\"link-more\"><a href=\"https:\/\/www.psychotherapie-janisch.de\/?page_id=9\" class=\"more-link\"><span class=\"screen-reader-text\">\u201eMartina Janisch\u201c <\/span>weiterlesen<\/a><\/p>\n","protected":false},"author":1,"featured_media":0,"parent":0,"menu_order":0,"comment_status":"closed","ping_status":"closed","template":"","meta":{"footnotes":""},"class_list":["post-9","page","type-page","status-publish","hentry"],"_links":{"self":[{"href":"https:\/\/www.psychotherapie-janisch.de\/index.php?rest_route=\/wp\/v2\/pages\/9","targetHints":{"allow":["GET"]}}],"collection":[{"href":"https:\/\/www.psychotherapie-janisch.de\/index.php?rest_route=\/wp\/v2\/pages"}],"about":[{"href":"https:\/\/www.psychotherapie-janisch.de\/index.php?rest_route=\/wp\/v2\/types\/page"}],"author":[{"embeddable":true,"href":"https:\/\/www.psychotherapie-janisch.de\/index.php?rest_route=\/wp\/v2\/users\/1"}],"replies":[{"embeddable":true,"href":"https:\/\/www.psychotherapie-janisch.de\/index.php?rest_route=%2Fwp%2Fv2%2Fcomments&post=9"}],"version-history":[{"count":17,"href":"https:\/\/www.psychotherapie-janisch.de\/index.php?rest_route=\/wp\/v2\/pages\/9\/revisions"}],"predecessor-version":[{"id":408,"href":"https:\/\/www.psychotherapie-janisch.de\/index.php?rest_route=\/wp\/v2\/pages\/9\/revisions\/408"}],"wp:attachment":[{"href":"https:\/\/www.psychotherapie-janisch.de\/index.php?rest_route=%2Fwp%2Fv2%2Fmedia&parent=9"}],"curies":[{"name":"wp","href":"https:\/\/api.w.org\/{rel}","templated":true}]}}